{"id":14,"date":"2023-05-02T09:43:14","date_gmt":"2023-05-02T09:43:14","guid":{"rendered":"https:\/\/regiontchologo.ci\/?page_id=14"},"modified":"2026-02-18T18:36:38","modified_gmt":"2026-02-18T18:36:38","slug":"administration","status":"publish","type":"page","link":"https:\/\/regiontchologo.ci\/index.php\/administration\/","title":{"rendered":"Administration"},"content":{"rendered":"\n<figure class=\"wp-block-image size-large\"><img loading=\"lazy\" decoding=\"async\" width=\"1024\" height=\"576\" src=\"https:\/\/regiontchologo.ci\/wp-content\/uploads\/2026\/02\/Diapositive1-1024x576.jpg\" alt=\"\" class=\"wp-image-1420\" srcset=\"https:\/\/regiontchologo.ci\/wp-content\/uploads\/2026\/02\/Diapositive1-1024x576.jpg 1024w, https:\/\/regiontchologo.ci\/wp-content\/uploads\/2026\/02\/Diapositive1-300x169.jpg 300w, https:\/\/regiontchologo.ci\/wp-content\/uploads\/2026\/02\/Diapositive1-768x432.jpg 768w, https:\/\/regiontchologo.ci\/wp-content\/uploads\/2026\/02\/Diapositive1-800x450.jpg 800w, https:\/\/regiontchologo.ci\/wp-content\/uploads\/2026\/02\/Diapositive1.jpg 1280w\" sizes=\"auto, (max-width: 1024px) 100vw, 1024px\" \/><\/figure>\n\n\n\n<h2 class=\"wp-block-heading\">Le Conseil R\u00e9gional du Tchologo<\/h2>\n\n\n\n<p>C&rsquo;est l&rsquo;organe d\u00e9lib\u00e9rant de la r\u00e9gion. Il regroupe l&rsquo;ensemble des conseillers r\u00e9gionaux \u00e9lus au suffrage et ceux de la liste proportionnelles.<\/p>\n\n\n\n<p>Le Conseil R\u00e9gional est l&rsquo;assembl\u00e9e qui d\u00e9lib\u00e8re sur les diff\u00e9rents points inscrits \u00e0 l&rsquo;ordre du jour des sessions du Conseil. Il fait \u00e9galement des propositions au bureau de s\u00e9ance.<\/p>\n\n\n\n<p>Le Conseil R\u00e9gional peut \u00e9mettre des v\u0153ux sur toutes les questions ayant un int\u00e9r\u00eat pour la R\u00e9gion ou relevant m\u00eame de la comp\u00e9tence par le pr\u00e9fet de la R\u00e9gion.<\/p>\n\n\n\n<h2 class=\"wp-block-heading\">Le bureau du Conseil<\/h2>\n\n\n\n<p>Le bureau est compos\u00e9 du pr\u00e9sident et de ses vice-pr\u00e9sidents. Il se r\u00e9unit au moins une fois par mois et chaque fois que l&rsquo;exige le r\u00e8glement des affaires relevant de leurs fonctions.<\/p>\n\n\n\n<p>Les fonctions du bureau sont:<\/p>\n\n\n\n<ul class=\"wp-block-list\">\n<li>L&rsquo;\u00e9laboration de l&rsquo;ordre du jour des r\u00e9unions (sessions) du Conseil<\/li>\n\n\n\n<li>La pr\u00e9paration du programme des op\u00e9rations et des actions du d\u00e9veloppement de la R\u00e9gion<\/li>\n\n\n\n<li>La pr\u00e9paration du budget de la R\u00e9gion et du suivi de son ex\u00e9cution<\/li>\n\n\n\n<li>Le suivi du recouvrement des recettes de la R\u00e9gion<\/li>\n<\/ul>\n\n\n\n<h2 class=\"wp-block-heading\">Le Pr\u00e9sident de la R\u00e9gion : Chef Executif<\/h2>\n\n\n\n<p>Le Pr\u00e9sident repr\u00e9sente l&rsquo;organe ex\u00e9cutif.<\/p>\n\n\n\n<ul class=\"wp-block-list\">\n<li>Il pr\u00e9pare et ex\u00e9cute les d\u00e9lib\u00e9rations du Conseil R\u00e9gional<\/li>\n\n\n\n<li>Il est l&rsquo;ordonnateur des d\u00e9penses et des recettes de la R\u00e9gion<\/li>\n\n\n\n<li>Il repr\u00e9sente la R\u00e9gion en tous lieux<\/li>\n<\/ul>\n\n\n\n<h2 class=\"wp-block-heading\">Les commissions permanentes<\/h2>\n\n\n\n<p>Nous notons par ailleurs que pour \u00eatre efficaces, les conseillers r\u00e9gionaux sont r\u00e9partis en huit (8) commissions permanentes:<\/p>\n\n\n\n<ul class=\"wp-block-list\">\n<li>Commission planification, d\u00e9veloppement et emploi<\/li>\n\n\n\n<li>Commission \u00e9conomie, budget et finances<\/li>\n\n\n\n<li>Commission environnement, cadre de vie, tourisme et artisanat <\/li>\n\n\n\n<li>Commission \u00e9quipement, infrastructure et transport<\/li>\n\n\n\n<li>Commission \u00e9ducation, sant\u00e9, affaires sociales, culture, sports et loisirs<\/li>\n\n\n\n<li>Commission coop\u00e9ration et relations ext\u00e9rieures<\/li>\n\n\n\n<li>Commission s\u00e9curit\u00e9 et protection civile<\/li>\n\n\n\n<li>Commission formation et d\u00e9veloppement de l&rsquo;entreprenariat<\/li>\n\n\n\n<li>Commission mobilisation et gestion des ressources ext\u00e9rieures<\/li>\n\n\n\n<li>Commission charg\u00e9e de la r\u00e9silience au changement&nbsp;climatique<\/li>\n<\/ul>\n\n\n\n<h2 class=\"wp-block-heading\">Le Conseil \u00e9conomique social environnemental et r\u00e9gional (CESER)<\/h2>\n\n\n\n<p>Le CESER a un r\u00f4le consultatif.<\/p>\n\n\n\n<p>Il donne son avis sur toute mati\u00e8re entrant dans les comp\u00e9tences du Conseil R\u00e9gional. Il est saisi par le Pr\u00e9sident du Conseil R\u00e9gional, il peut \u00e9galement \u00eatre saisi soit par le Conseil R\u00e9gional, soit de sa propre initiative, soit \u00e0 la demande de l&rsquo;autorit\u00e9 de tutelle et dans le second cas, la d\u00e9cision de saisine est prise \u00e0 la majorit\u00e9 des membres pr\u00e9sents.<\/p>\n\n\n\n<h2 class=\"wp-block-heading\">Les missions de la R\u00e9gion<\/h2>\n\n\n\n<p>Les missions de la R\u00e9gion du Tchologo sont tir\u00e9es des comp\u00e9tences que l&rsquo;Etat a devolu aux collectivit\u00e9s locales. En ce sens, elles sont en rapport avec les priorit\u00e9s de Plan National de D\u00e9veloppement (PND):<\/p>\n\n\n\n<ul class=\"wp-block-list\">\n<li>Assurer le d\u00e9veloppement social et \u00e9conomique de la R\u00e9gion<\/li>\n\n\n\n<li>Construire les \u00e9tablissements de formation secondaire et professionnelle dans la R\u00e9gion<\/li>\n\n\n\n<li>R\u00e9aliser les infrastructures routi\u00e8res dans la R\u00e9gion<\/li>\n\n\n\n<li>Assurer l&#8217;emploi des jeunes dans la R\u00e9gion<\/li>\n\n\n\n<li>Construire des infrastructures sociales et sanitaires dans la R\u00e9gion<\/li>\n\n\n\n<li>Assurer la prise en charge des personnes d\u00e9munies, indigentes et des handicap\u00e9s sociaux<\/li>\n\n\n\n<li>Assurer la protection civile et la s\u00e9curit\u00e9 des biens et des personnes par des appuis aux force de l&rsquo;ordre et de s\u00e9curit\u00e9<\/li>\n\n\n\n<li>Assurer le d\u00e9veloppement de l&rsquo;agriculture et de l&rsquo;\u00e9levage dans la R\u00e9gion<\/li>\n\n\n\n<li>Promouvoir les activit\u00e9s commerciales et de transport<\/li>\n\n\n\n<li>D\u00e9velopper les activit\u00e9s culturelles, sportives et de loisirs<\/li>\n\n\n\n<li>Promouvoir le tourisme et l&rsquo;artisanat dans la R\u00e9gion<\/li>\n<\/ul>\n\n\n\n<h2 class=\"wp-block-heading\">La composition du bureau du Conseil depuis Octobre 2018<\/h2>\n\n\n\n<ul class=\"wp-block-list\">\n<li>Pr\u00e9sident: Monsieur TENE BIRAHIMA OUATTARA, Ministre d&rsquo;Etat, Ministre de la D\u00e9fense de C\u00f4te d&rsquo;Ivoire<\/li>\n\n\n\n<li>1er vice-pr\u00e9sident : Monsieur Bamoudien TRAORE<\/li>\n\n\n\n<li>2\u00e8me vice-pr\u00e9sident : Monsieur Moussa Bim Y\u00e9ti KON\u00c9<\/li>\n\n\n\n<li>3\u00e8me vice-pr\u00e9sident : Madame A\u00efssatou Coulibaly CISS\u00c9<\/li>\n\n\n\n<li>4\u00e8me vice-pr\u00e9sident : Monsieur Zana Coulibaly Yacouba KIDJOFOLO<\/li>\n\n\n\n<li>5\u00e8me vice-pr\u00e9sident : Monsieur Arouna OUATTARA<\/li>\n<\/ul>\n\n\n\n<p><\/p>\n\n\n\n<p><\/p>\n","protected":false},"excerpt":{"rendered":"<p>Le Conseil R\u00e9gional du Tchologo C&rsquo;est l&rsquo;organe d\u00e9lib\u00e9rant de la r\u00e9gion. Il regroupe l&rsquo;ensemble des<\/p>\n","protected":false},"author":1,"featured_media":0,"parent":0,"menu_order":0,"comment_status":"closed","ping_status":"closed","template":"","meta":{"_monsterinsights_skip_tracking":false,"_monsterinsights_sitenote_active":false,"_monsterinsights_sitenote_note":"","_monsterinsights_sitenote_category":0,"footnotes":""},"class_list":["post-14","page","type-page","status-publish","hentry"],"_links":{"self":[{"href":"https:\/\/regiontchologo.ci\/index.php\/wp-json\/wp\/v2\/pages\/14","targetHints":{"allow":["GET"]}}],"collection":[{"href":"https:\/\/regiontchologo.ci\/index.php\/wp-json\/wp\/v2\/pages"}],"about":[{"href":"https:\/\/regiontchologo.ci\/index.php\/wp-json\/wp\/v2\/types\/page"}],"author":[{"embeddable":true,"href":"https:\/\/regiontchologo.ci\/index.php\/wp-json\/wp\/v2\/users\/1"}],"replies":[{"embeddable":true,"href":"https:\/\/regiontchologo.ci\/index.php\/wp-json\/wp\/v2\/comments?post=14"}],"version-history":[{"count":9,"href":"https:\/\/regiontchologo.ci\/index.php\/wp-json\/wp\/v2\/pages\/14\/revisions"}],"predecessor-version":[{"id":1421,"href":"https:\/\/regiontchologo.ci\/index.php\/wp-json\/wp\/v2\/pages\/14\/revisions\/1421"}],"wp:attachment":[{"href":"https:\/\/regiontchologo.ci\/index.php\/wp-json\/wp\/v2\/media?parent=14"}],"curies":[{"name":"wp","href":"https:\/\/api.w.org\/{rel}","templated":true}]}}